{"id":785,"date":"2025-01-10T15:46:30","date_gmt":"2025-01-10T14:46:30","guid":{"rendered":"https:\/\/www.lescrisdeparis.fr\/?post_type=evenements&#038;p=785"},"modified":"2025-01-10T15:46:31","modified_gmt":"2025-01-10T14:46:31","slug":"la-grande-affabulation-4","status":"publish","type":"evenements","link":"https:\/\/www.lescrisdeparis.fr\/en\/evenements\/la-grande-affabulation-4\/","title":{"rendered":"La grande affabulation"},"content":{"rendered":"\n<p><strong>Conception artistique, Geoffroy Jourdain &amp; Benjamin Lazar<\/strong><\/p>\n\n\n\n<p>Direction musicale,&nbsp;<strong>Geoffroy Jourdain<\/strong>&nbsp;<br>Mise en sc\u00e8ne,&nbsp;<strong>Benjamin Lazar<\/strong><br>Ch\u0153ur&nbsp;<strong>Ma\u00eetrise Populaire de l\u2019Op\u00e9ra-Comique \u2013 Sarah Kon\u00e9<\/strong>, direction artistique<br>Orchestre&nbsp;<strong>Les Cris de Paris<\/strong><\/p>\n\n\n\n<h2 class=\"wp-block-heading\">PR\u00c9SENTATION<\/h2>\n\n\n\n<p>\u00ab&nbsp;<em>Je devins un op\u00e9ra fabuleux<\/em>. \u00bb Arthur Rimbaud<\/p>\n\n\n\n<p>C\u2019est une l\u00e9gende urbaine du XXIe si\u00e8cle. On dit qu\u2019une nuit, des enfants sont partis de chez eux, sans pr\u00e9venir leurs parents, dans une qu\u00eate connue d\u2019elles et d\u2019eux seuls. Ils avaient emport\u00e9 de quoi manger, des costumes, des tr\u00e9teaux et des chants. Dans leurs haltes, ils se racontaient en musique l\u2019histoire dont ils \u00e9taient en train de devenir les h\u00e9ros. C\u2019est le r\u00e9cit de ce voyage initiatique que tisse cette \u00ab grande affabulation \u00bb musicale.<\/p>\n\n\n\n<p>Pour les ma\u00eetrisiennes et ma\u00eetrisiens de l\u2019Op\u00e9ra-Comique, \u00e2g\u00e9s de 12 \u00e0 23 ans, Geoffroy Jourdain et Benjamin Lazar composent un spectacle haut en couleurs, o\u00f9 l\u2019esprit de la \u00ab fable en musique \u00bb des d\u00e9buts de l\u2019op\u00e9ra se m\u00eale \u00e0 celui des processions et des f\u00eates populaires. Nos jeunes interpr\u00e8tes ne peuvent avoir de meilleurs guides dans le r\u00e9pertoire baroque o\u00f9 sont n\u00e9es tant de formes d\u2019union entre po\u00e9sie et musique, entre danse et chant.<\/p>\n\n\n\n<p>Dans ce voyage, ils traversent les \u00e9poques et y glanent aussi d\u2019autres musiques, modernes et contemporaines, qui viennent accompagner leur qu\u00eate myst\u00e9rieuse.<\/p>\n\n\n\n<p><\/p>\n\n\n\n<p class=\"has-text-align-center\"><a href=\"https:\/\/www.opera-comique.com\/fr\/spectacles\/la-grande-affabulation\" target=\"_blank\" rel=\"noreferrer noopener\"><strong>En savoir plus<\/strong><\/a><\/p>\n","protected":false},"featured_media":0,"template":"","class_list":["post-785","evenements","type-evenements","status-publish","hentry"],"acf":{"start-date":"15 May 2025","end-date":"15 May 2025","hour":"14h30","place":"Op\u00e9ra-Comique, Paris"},"yoast_head":"<!-- This site is optimized with the Yoast SEO plugin v26.6 - https:\/\/yoast.com\/wordpress\/plugins\/seo\/ -->\n<title>La grande affabulation - Les Cris de Paris<\/title>\n<meta name=\"robots\" content=\"index, follow, max-snippet:-1, max-image-preview:large, max-video-preview:-1\" \/>\n<link rel=\"canonical\" href=\"https:\/\/www.lescrisdeparis.fr\/evenements\/la-grande-affabulation-4\/\" \/>\n<meta property=\"og:locale\" content=\"en_US\" \/>\n<meta property=\"og:type\" content=\"article\" \/>\n<meta property=\"og:title\" content=\"La grande affabulation - Les Cris de Paris\" \/>\n<meta property=\"og:description\" content=\"Conception artistique, Geoffroy Jourdain &amp; Benjamin Lazar Direction musicale,&nbsp;Geoffroy Jourdain&nbsp;Mise en sc\u00e8ne,&nbsp;Benjamin LazarCh\u0153ur&nbsp;Ma\u00eetrise Populaire de l\u2019Op\u00e9ra-Comique \u2013 Sarah Kon\u00e9, direction artistiqueOrchestre&nbsp;Les Cris de Paris PR\u00c9SENTATION \u00ab&nbsp;Je devins un op\u00e9ra fabuleux. \u00bb Arthur Rimbaud C\u2019est une l\u00e9gende urbaine du XXIe si\u00e8cle. On dit qu\u2019une nuit, des enfants sont partis de chez eux, sans pr\u00e9venir leurs parents, [&hellip;]\" \/>\n<meta property=\"og:url\" content=\"https:\/\/www.lescrisdeparis.fr\/evenements\/la-grande-affabulation-4\/\" \/>\n<meta property=\"og:site_name\" content=\"Les Cris de Paris\" \/>\n<meta property=\"article:publisher\" content=\"https:\/\/www.facebook.com\/LesCrisdeParisGeoffroyJourdain\/\" \/>\n<meta property=\"article:modified_time\" content=\"2025-01-10T14:46:31+00:00\" \/>\n<meta property=\"og:image\" content=\"https:\/\/www.lescrisdeparis.fr\/wp-content\/uploads\/2020\/12\/logo.png\" \/>\n\t<meta property=\"og:image:width\" content=\"5632\" \/>\n\t<meta property=\"og:image:height\" content=\"1580\" \/>\n\t<meta property=\"og:image:type\" content=\"image\/png\" \/>\n<meta name=\"twitter:card\" content=\"summary_large_image\" \/>\n<meta name=\"twitter:site\" content=\"@lescrisdeparis\" \/>\n<meta name=\"twitter:label1\" content=\"Est. reading time\" \/>\n\t<meta name=\"twitter:data1\" content=\"2 minutes\" \/>\n<script type=\"application\/ld+json\" class=\"yoast-schema-graph\">{\"@context\":\"https:\/\/schema.org\",\"@graph\":[{\"@type\":\"WebPage\",\"@id\":\"https:\/\/www.lescrisdeparis.fr\/evenements\/la-grande-affabulation-4\/\",\"url\":\"https:\/\/www.lescrisdeparis.fr\/evenements\/la-grande-affabulation-4\/\",\"name\":\"La grande affabulation - Les Cris de Paris\",\"isPartOf\":{\"@id\":\"https:\/\/www.lescrisdeparis.fr\/#website\"},\"datePublished\":\"2025-01-10T14:46:30+00:00\",\"dateModified\":\"2025-01-10T14:46:31+00:00\",\"breadcrumb\":{\"@id\":\"https:\/\/www.lescrisdeparis.fr\/evenements\/la-grande-affabulation-4\/#breadcrumb\"},\"inLanguage\":\"en-US\",\"potentialAction\":[{\"@type\":\"ReadAction\",\"target\":[\"https:\/\/www.lescrisdeparis.fr\/evenements\/la-grande-affabulation-4\/\"]}]},{\"@type\":\"BreadcrumbList\",\"@id\":\"https:\/\/www.lescrisdeparis.fr\/evenements\/la-grande-affabulation-4\/#breadcrumb\",\"itemListElement\":[{\"@type\":\"ListItem\",\"position\":1,\"name\":\"Accueil\",\"item\":\"https:\/\/www.lescrisdeparis.fr\/en\/\"},{\"@type\":\"ListItem\",\"position\":2,\"name\":\"\u00c9v\u00e9nements\",\"item\":\"https:\/\/www.lescrisdeparis.fr\/evenements\/\"},{\"@type\":\"ListItem\",\"position\":3,\"name\":\"La grande affabulation\"}]},{\"@type\":\"WebSite\",\"@id\":\"https:\/\/www.lescrisdeparis.fr\/#website\",\"url\":\"https:\/\/www.lescrisdeparis.fr\/\",\"name\":\"Les Cris de Paris\",\"description\":\"Direction Geoffroy Jourdain\",\"potentialAction\":[{\"@type\":\"SearchAction\",\"target\":{\"@type\":\"EntryPoint\",\"urlTemplate\":\"https:\/\/www.lescrisdeparis.fr\/?s={search_term_string}\"},\"query-input\":{\"@type\":\"PropertyValueSpecification\",\"valueRequired\":true,\"valueName\":\"search_term_string\"}}],\"inLanguage\":\"en-US\"}]}<\/script>\n<!-- \/ Yoast SEO plugin. -->","yoast_head_json":{"title":"La grande affabulation - Les Cris de Paris","robots":{"index":"index","follow":"follow","max-snippet":"max-snippet:-1","max-image-preview":"max-image-preview:large","max-video-preview":"max-video-preview:-1"},"canonical":"https:\/\/www.lescrisdeparis.fr\/evenements\/la-grande-affabulation-4\/","og_locale":"en_US","og_type":"article","og_title":"La grande affabulation - Les Cris de Paris","og_description":"Conception artistique, Geoffroy Jourdain &amp; Benjamin Lazar Direction musicale,&nbsp;Geoffroy Jourdain&nbsp;Mise en sc\u00e8ne,&nbsp;Benjamin LazarCh\u0153ur&nbsp;Ma\u00eetrise Populaire de l\u2019Op\u00e9ra-Comique \u2013 Sarah Kon\u00e9, direction artistiqueOrchestre&nbsp;Les Cris de Paris PR\u00c9SENTATION \u00ab&nbsp;Je devins un op\u00e9ra fabuleux. \u00bb Arthur Rimbaud C\u2019est une l\u00e9gende urbaine du XXIe si\u00e8cle. On dit qu\u2019une nuit, des enfants sont partis de chez eux, sans pr\u00e9venir leurs parents, [&hellip;]","og_url":"https:\/\/www.lescrisdeparis.fr\/evenements\/la-grande-affabulation-4\/","og_site_name":"Les Cris de Paris","article_publisher":"https:\/\/www.facebook.com\/LesCrisdeParisGeoffroyJourdain\/","article_modified_time":"2025-01-10T14:46:31+00:00","og_image":[{"width":5632,"height":1580,"url":"https:\/\/www.lescrisdeparis.fr\/wp-content\/uploads\/2020\/12\/logo.png","type":"image\/png"}],"twitter_card":"summary_large_image","twitter_site":"@lescrisdeparis","twitter_misc":{"Est. reading time":"2 minutes"},"schema":{"@context":"https:\/\/schema.org","@graph":[{"@type":"WebPage","@id":"https:\/\/www.lescrisdeparis.fr\/evenements\/la-grande-affabulation-4\/","url":"https:\/\/www.lescrisdeparis.fr\/evenements\/la-grande-affabulation-4\/","name":"La grande affabulation - Les Cris de Paris","isPartOf":{"@id":"https:\/\/www.lescrisdeparis.fr\/#website"},"datePublished":"2025-01-10T14:46:30+00:00","dateModified":"2025-01-10T14:46:31+00:00","breadcrumb":{"@id":"https:\/\/www.lescrisdeparis.fr\/evenements\/la-grande-affabulation-4\/#breadcrumb"},"inLanguage":"en-US","potentialAction":[{"@type":"ReadAction","target":["https:\/\/www.lescrisdeparis.fr\/evenements\/la-grande-affabulation-4\/"]}]},{"@type":"BreadcrumbList","@id":"https:\/\/www.lescrisdeparis.fr\/evenements\/la-grande-affabulation-4\/#breadcrumb","itemListElement":[{"@type":"ListItem","position":1,"name":"Accueil","item":"https:\/\/www.lescrisdeparis.fr\/en\/"},{"@type":"ListItem","position":2,"name":"\u00c9v\u00e9nements","item":"https:\/\/www.lescrisdeparis.fr\/evenements\/"},{"@type":"ListItem","position":3,"name":"La grande affabulation"}]},{"@type":"WebSite","@id":"https:\/\/www.lescrisdeparis.fr\/#website","url":"https:\/\/www.lescrisdeparis.fr\/","name":"Les Cris de Paris","description":"Direction Geoffroy Jourdain","potentialAction":[{"@type":"SearchAction","target":{"@type":"EntryPoint","urlTemplate":"https:\/\/www.lescrisdeparis.fr\/?s={search_term_string}"},"query-input":{"@type":"PropertyValueSpecification","valueRequired":true,"valueName":"search_term_string"}}],"inLanguage":"en-US"}]}},"_links":{"self":[{"href":"https:\/\/www.lescrisdeparis.fr\/en\/wp-json\/wp\/v2\/evenements\/785","targetHints":{"allow":["GET"]}}],"collection":[{"href":"https:\/\/www.lescrisdeparis.fr\/en\/wp-json\/wp\/v2\/evenements"}],"about":[{"href":"https:\/\/www.lescrisdeparis.fr\/en\/wp-json\/wp\/v2\/types\/evenements"}],"wp:attachment":[{"href":"https:\/\/www.lescrisdeparis.fr\/en\/wp-json\/wp\/v2\/media?parent=785"}],"curies":[{"name":"wp","href":"https:\/\/api.w.org\/{rel}","templated":true}]}}